{"id":816,"date":"2014-03-04T14:33:32","date_gmt":"2014-03-04T14:33:32","guid":{"rendered":"http:\/\/seventhqueen.com\/themes\/kleo\/?page_id=816"},"modified":"2021-03-05T17:02:42","modified_gmt":"2021-03-05T21:02:42","slug":"home-community","status":"publish","type":"page","link":"https:\/\/www.relac.net\/v1\/","title":{"rendered":"Inicio"},"content":{"rendered":"<p>[vc_row inner_container=&#8221;no&#8221; padding_top=&#8221;0&#8243; padding_bottom=&#8221;0&#8243;][vc_column][rev_slider_vc alias=&#8221;HomeFullwidth&#8221;][\/vc_column][\/vc_row][vc_row text_align=&#8221;center&#8221; padding_top=&#8221;10&#8243; padding_bottom=&#8221;0&#8243; margin_top=&#8221;50&#8243;][vc_column]\n\t<div  class=\"hr-title hr-long hr-center\" style=\"font-size:20px\"><abbr><i class=\"fa fa-handshake-o\"><\/i> Bienvenida<\/abbr><\/div><div  class=\"kleo-gap\" style=\"height:20px;line-height:20px;\"><\/div><div  class=\"kleo-gap\" style=\"height:20px;line-height:20px;\"><\/div>[vc_column_text animation=&#8221;animate-when-visible&#8221; css_animation=&#8221;bottom-to-top&#8221;]<\/p>\n<h1>Les damos la m\u00e1s cordial bienvenida al sitio de la ReLAC,<br \/>\nuna comunidad que se basa en la confianza, la apertura democr\u00e1tica y la equidad<\/h1>\n<p>[\/vc_column_text][\/vc_column][\/vc_row][vc_row text_align=&#8221;center&#8221; section_type=&#8221;alternate&#8221; padding_top=&#8221;100&#8243; padding_bottom=&#8221;0&#8243; border=&#8221;bottom&#8221; el_class=&#8221;ov-hidden&#8221;][vc_column]<div  class=\"kleo-gap\" style=\"height:20px;line-height:20px;\"><\/div>[vc_row_inner][vc_column_inner]\n\t<div  class=\"hr-title hr-full hr-center\" style=\"font-size:20px\"><abbr><i class=\"fa fa-newspaper-o\"><\/i> Noticias<\/abbr><\/div><div  class=\"kleo-gap\" style=\"height:20px;line-height:20px;\"><\/div><div  class=\"kleo-gap\" style=\"height:20px;line-height:20px;\"><\/div>[vc_basic_grid post_type=&#8221;post&#8221; max_items=&#8221;3&#8243; grid_id=&#8221;vc_gid:1614978092777-17a4599b-b019-5&#8243; taxonomies=&#8221;21, 42&#8243; el_class=&#8221;bot_n1&#8243;][\/vc_column_inner][\/vc_row_inner][\/vc_column][\/vc_row][vc_row text_align=&#8221;center&#8221; border=&#8221;bottom&#8221;][vc_column][vc_row_inner][vc_column_inner width=&#8221;1\/4&#8243;][\/vc_column_inner][vc_column_inner width=&#8221;1\/6&#8243;][vc_column_text]<\/p>\n<h1 style=\"margin-bottom: 0;\"><span data-number=\"2\" class=\" kleo-animate-number animate-when-almost-visible\" data-timer=\"3000\">2<\/span>.<span data-number=\"247\" class=\" kleo-animate-number animate-when-almost-visible\" data-timer=\"3000\">247<\/span><\/h1>\n<h4>MIEMBROS<\/h4>\n<p>[\/vc_column_text][\/vc_column_inner][vc_column_inner width=&#8221;1\/6&#8243;][vc_column_text]<\/p>\n<h1 style=\"margin-bottom: 0;\"><span data-number=\"18\" class=\" kleo-animate-number animate-when-almost-visible\" data-timer=\"3000\">18<\/span><\/h1>\n<h4>PAISES<\/h4>\n<p>[\/vc_column_text][\/vc_column_inner][vc_column_inner width=&#8221;1\/6&#8243;][vc_column_text]<\/p>\n<h1 style=\"margin-bottom: 0;\"><span data-number=\"21\" class=\" kleo-animate-number animate-when-almost-visible\" data-timer=\"3000\">21<\/span><\/h1>\n<h4>TEMAS DEBATIDOS<\/h4>\n<p>[\/vc_column_text][\/vc_column_inner][vc_column_inner width=&#8221;1\/4&#8243;][\/vc_column_inner][\/vc_row_inner][\/vc_column][\/vc_row][vc_row el_id=&#8221;oportunidades&#8221; text_align=&#8221;center&#8221; padding_top=&#8221;100&#8243;][vc_column][vc_column_text]<\/p>\n<h2>Conozca <strong>Oportunidades<\/strong> para su desarrollo personal y profesional.<\/h2>\n<p>[\/vc_column_text][vc_column_text lead=&#8221;yes&#8221;]Seleccione la pesta\u00f1a que dese\u00e9 para ver las oportunidades:[\/vc_column_text]\n\t<div class=\"kleo-tabs tabbable\" data-interval=\"0\">\n\t\t\t<ul class=\"nav nav-pills responsive-pills pills-style-square tabs-centered\"><li class=\"active\"><a href=\"#tab-1392999091-1-87\" data-toggle=\"tab\" onclick=\"return false;\"><i class=\"icon-group\"><\/i> TRABAJOS<\/a><\/li><li><a href=\"#tab-1392999091-2-66\" data-toggle=\"tab\" onclick=\"return false;\"><i class=\"icon-streamline-touchscreen\"><\/i> CAPACITACIONES<\/a><\/li><\/ul>\n<div class=\"tab-content\">\n\t\t\t\n\t\t\t<div id=\"tab-1392999091-1-87\" class=\"tab-pane active\">\n\t\t\t\t[vc_row_inner][vc_column_inner]\n\t<div class=\"sq-posts-data\" style=\"display: none;\"><input type=\"hidden\" id=\"post-security\" name=\"post-security\" value=\"76d801c6b3\" \/><input type=\"hidden\" name=\"_wp_http_referer\" value=\"\/v1\/wp-json\/wp\/v2\/pages\/816\" \/><input type=\"hidden\" name=\"pitem\" value=\"0\"><input type=\"hidden\" name=\"post_id\" value=\"816\"><\/div>\n\t\n\t\n\t\t<div class=\"posts-listing  izquierda no-meta no-footer small-listing\">\n\n\t\n\t\n<article id=\"post-14958\" class=\"post-item post-14958 post type-post status-publish format-standard has-post-thumbnail hentry category-noticias category-trabajo tag-consultoria tag-licitacion tag-oportunidad-laboral tag-trabajo\">\n    <div class=\"row post-content animated animate-when-almost-visible el-appear\">\n\n        <div class=\"col-sm-3\">\n        <div class=\"post-image\"><a href=\"https:\/\/www.relac.net\/v1\/oportunidad-laboral\/\" class=\"element-wrap\"><img decoding=\"async\" src=\"https:\/\/www.relac.net\/v1\/wp-content\/uploads\/2022\/10\/WhatsApp-Image-2022-10-02-at-10.21.17-AM-480x476.jpeg\" alt=\"OPORTUNIDAD LABORAL\"><span class=\"hover-element\"><i>+<\/i><\/span><\/a><\/div><!--end post-image-->        <\/div>\n        <div class=\"col-sm-9\">\n\n                        <div class=\"post-header\">\n\n                <h3 class=\"post-title entry-title\"><a href=\"https:\/\/www.relac.net\/v1\/oportunidad-laboral\/\">OPORTUNIDAD LABORAL<\/a><\/h3>\n\n                <span class=\"post-meta\">\n                    <small class=\"meta-author author vcard\"><a class=\"url fn n\" href=\"https:\/\/www.relac.net\/v1\/miembros\/comunicadosrelac\/\" title=\"Ver el perfil de Comunicaci\u00f3n ReLAC\" rel=\"author\"> <span class=\"author-name\">Comunicaci\u00f3n ReLAC<\/span><\/a><\/small>, <small><a href=\"https:\/\/www.relac.net\/v1\/oportunidad-laboral\/\" rel=\"bookmark\" class=\"post-time\"><time class=\"entry-date\" datetime=\"2022-10-02T12:17:35-04:00\">2 octubre, 2022<\/time><time class=\"modify-date hide hidden updated\" datetime=\"2022-10-02T12:23:04-04:00\">2 octubre, 2022<\/time><\/a><\/small>, <small class=\"meta-category\"><a href=\"https:\/\/www.relac.net\/v1\/category\/noticias\/\" rel=\"category tag\">Noticias<\/a>, <a href=\"https:\/\/www.relac.net\/v1\/category\/trabajo\/\" rel=\"category tag\">Trabajo<\/a>, <a href=\"https:\/\/www.relac.net\/v1\/tag\/consultoria\/\" rel=\"tag\">consultor\u00eda<\/a>, <a href=\"https:\/\/www.relac.net\/v1\/tag\/licitacion\/\" rel=\"tag\">licitaci\u00f3n<\/a>, <a href=\"https:\/\/www.relac.net\/v1\/tag\/oportunidad-laboral\/\" rel=\"tag\">oportunidad laboral<\/a>, <a href=\"https:\/\/www.relac.net\/v1\/tag\/trabajo\/\" rel=\"tag\">trabajo<\/a><\/small>, <small class=\"meta-comment-count\"><a href=\"https:\/\/www.relac.net\/v1\/oportunidad-laboral\/#comments\">0 <i class=\"icon-chat-1 hover-tip\" data-original-title=\"Esta publicaci\u00f3n tiene 0 comentarios\" data-toggle=\"tooltip\" data-placement=\"top\"><\/i><\/a><\/small>                <\/span>\n\n            <\/div><!--end post-header-->\n            \n                            <div class=\"post-info\">\n\n                    <div class=\"entry-summary\">\n                                                    <p>\ud835\udde2\ud835\udde3\ud835\udde2\ud835\udde5\ud835\udde7\ud835\udde8\ud835\udde1\ud835\udddc\ud835\uddd7\ud835\uddd4\ud835\uddd7 \ud835\udddf\ud835\uddd4\ud835\uddd5\ud835\udde2\ud835\udde5\ud835\uddd4\ud835\udddf La Oficina Regional de la OIT para Am\u00e9rica Latina y el Caribe, busca una empresa o equipo...<\/p>                                            <\/div><!-- .entry-summary -->\n\n                <\/div><!--end post-info-->\n            \n            <div class=\"post-footer\">\n                <small>\n                    <a href=\"#\" class=\"item-likes\" id=\"item-likes-14958\" title=\"Dale like\"><span class=\"item-likes-count\">0<\/span> <span class=\"item-likes-postfix\">Me gusta<\/span><\/a>\n                                            <a href=\"https:\/\/www.relac.net\/v1\/oportunidad-laboral\/\"><span class=\"muted pull-right\">\n\t\t\t\t\t\tLeer m\u00e1s<\/span>\n                        <\/a>\n                                    <\/small>\n            <\/div><!--end post-footer-->\n        <\/div>\n\n\n    <\/div><!--end post-content-->\n<\/article>\n\n\n<article id=\"post-14936\" class=\"post-item post-14936 post type-post status-publish format-standard has-post-thumbnail hentry category-noticias category-trabajo tag-consultorias tag-oportunidad-laboral tag-trabajo\">\n    <div class=\"row post-content animated animate-when-almost-visible el-appear\">\n\n        <div class=\"col-sm-3\">\n        <div class=\"post-image\"><a href=\"https:\/\/www.relac.net\/v1\/oportunidad-laboral-tdr-2\/\" class=\"element-wrap\"><img decoding=\"async\" src=\"https:\/\/www.relac.net\/v1\/wp-content\/uploads\/2022\/08\/pixelcut-export-1660064901639-480x480.png\" alt=\"Oportunidad Laboral &#8211; TdR\"><span class=\"hover-element\"><i>+<\/i><\/span><\/a><\/div><!--end post-image-->        <\/div>\n        <div class=\"col-sm-9\">\n\n                        <div class=\"post-header\">\n\n                <h3 class=\"post-title entry-title\"><a href=\"https:\/\/www.relac.net\/v1\/oportunidad-laboral-tdr-2\/\">Oportunidad Laboral &#8211; TdR<\/a><\/h3>\n\n                <span class=\"post-meta\">\n                    <small class=\"meta-author author vcard\"><a class=\"url fn n\" href=\"https:\/\/www.relac.net\/v1\/miembros\/comunicadosrelac\/\" title=\"Ver el perfil de Comunicaci\u00f3n ReLAC\" rel=\"author\"> <span class=\"author-name\">Comunicaci\u00f3n ReLAC<\/span><\/a><\/small>, <small><a href=\"https:\/\/www.relac.net\/v1\/oportunidad-laboral-tdr-2\/\" rel=\"bookmark\" class=\"post-time\"><time class=\"entry-date\" datetime=\"2022-08-10T01:12:16-04:00\">10 agosto, 2022<\/time><time class=\"modify-date hide hidden updated\" datetime=\"2022-08-10T01:27:40-04:00\">10 agosto, 2022<\/time><\/a><\/small>, <small class=\"meta-category\"><a href=\"https:\/\/www.relac.net\/v1\/category\/noticias\/\" rel=\"category tag\">Noticias<\/a>, <a href=\"https:\/\/www.relac.net\/v1\/category\/trabajo\/\" rel=\"category tag\">Trabajo<\/a>, <a href=\"https:\/\/www.relac.net\/v1\/tag\/consultorias\/\" rel=\"tag\">consultor\u00edas<\/a>, <a href=\"https:\/\/www.relac.net\/v1\/tag\/oportunidad-laboral\/\" rel=\"tag\">oportunidad laboral<\/a>, <a href=\"https:\/\/www.relac.net\/v1\/tag\/trabajo\/\" rel=\"tag\">trabajo<\/a><\/small>, <small class=\"meta-comment-count\"><a href=\"https:\/\/www.relac.net\/v1\/oportunidad-laboral-tdr-2\/#comments\">0 <i class=\"icon-chat-1 hover-tip\" data-original-title=\"Esta publicaci\u00f3n tiene 0 comentarios\" data-toggle=\"tooltip\" data-placement=\"top\"><\/i><\/a><\/small>                <\/span>\n\n            <\/div><!--end post-header-->\n            \n                            <div class=\"post-info\">\n\n                    <div class=\"entry-summary\">\n                                                    <p>Contrataci\u00f3n de Equipo Consultor en Rep\u00fablica Dominicana A continuaci\u00f3n presentamos los T\u00e9rminos de Referencia para la Evaluaci\u00f3n Externa del...<\/p>                                            <\/div><!-- .entry-summary -->\n\n                <\/div><!--end post-info-->\n            \n            <div class=\"post-footer\">\n                <small>\n                    <a href=\"#\" class=\"item-likes\" id=\"item-likes-14936\" title=\"Dale like\"><span class=\"item-likes-count\">0<\/span> <span class=\"item-likes-postfix\">Me gusta<\/span><\/a>\n                                            <a href=\"https:\/\/www.relac.net\/v1\/oportunidad-laboral-tdr-2\/\"><span class=\"muted pull-right\">\n\t\t\t\t\t\tLeer m\u00e1s<\/span>\n                        <\/a>\n                                    <\/small>\n            <\/div><!--end post-footer-->\n        <\/div>\n\n\n    <\/div><!--end post-content-->\n<\/article>\n\n\n<article id=\"post-14899\" class=\"post-item post-14899 post type-post status-publish format-standard has-post-thumbnail hentry category-noticias category-trabajo tag-consultoria tag-tdr tag-terminos-de-referencia tag-trabajo\">\n    <div class=\"row post-content animated animate-when-almost-visible el-appear\">\n\n        <div class=\"col-sm-3\">\n        <div class=\"post-image\"><a href=\"https:\/\/www.relac.net\/v1\/oportunidad-laboral-tdr\/\" class=\"element-wrap\"><img decoding=\"async\" src=\"https:\/\/www.relac.net\/v1\/wp-content\/uploads\/2022\/07\/consultoria-480x400.jpg\" alt=\"OPORTUNIDAD LABORAL TdR\"><span class=\"hover-element\"><i>+<\/i><\/span><\/a><\/div><!--end post-image-->        <\/div>\n        <div class=\"col-sm-9\">\n\n                        <div class=\"post-header\">\n\n                <h3 class=\"post-title entry-title\"><a href=\"https:\/\/www.relac.net\/v1\/oportunidad-laboral-tdr\/\">OPORTUNIDAD LABORAL TdR<\/a><\/h3>\n\n                <span class=\"post-meta\">\n                    <small class=\"meta-author author vcard\"><a class=\"url fn n\" href=\"https:\/\/www.relac.net\/v1\/miembros\/comunicadosrelac\/\" title=\"Ver el perfil de Comunicaci\u00f3n ReLAC\" rel=\"author\"> <span class=\"author-name\">Comunicaci\u00f3n ReLAC<\/span><\/a><\/small>, <small><a href=\"https:\/\/www.relac.net\/v1\/oportunidad-laboral-tdr\/\" rel=\"bookmark\" class=\"post-time\"><time class=\"entry-date\" datetime=\"2022-07-19T21:50:48-04:00\">19 julio, 2022<\/time><time class=\"modify-date hide hidden updated\" datetime=\"2022-07-19T23:08:13-04:00\">19 julio, 2022<\/time><\/a><\/small>, <small class=\"meta-category\"><a href=\"https:\/\/www.relac.net\/v1\/category\/noticias\/\" rel=\"category tag\">Noticias<\/a>, <a href=\"https:\/\/www.relac.net\/v1\/category\/trabajo\/\" rel=\"category tag\">Trabajo<\/a>, <a href=\"https:\/\/www.relac.net\/v1\/tag\/consultoria\/\" rel=\"tag\">consultor\u00eda<\/a>, <a href=\"https:\/\/www.relac.net\/v1\/tag\/tdr\/\" rel=\"tag\">tdr<\/a>, <a href=\"https:\/\/www.relac.net\/v1\/tag\/terminos-de-referencia\/\" rel=\"tag\">t\u00e9rminos de referencia<\/a>, <a href=\"https:\/\/www.relac.net\/v1\/tag\/trabajo\/\" rel=\"tag\">trabajo<\/a><\/small>, <small class=\"meta-comment-count\"><a href=\"https:\/\/www.relac.net\/v1\/oportunidad-laboral-tdr\/#comments\">0 <i class=\"icon-chat-1 hover-tip\" data-original-title=\"Esta publicaci\u00f3n tiene 0 comentarios\" data-toggle=\"tooltip\" data-placement=\"top\"><\/i><\/a><\/small>                <\/span>\n\n            <\/div><!--end post-header-->\n            \n                            <div class=\"post-info\">\n\n                    <div class=\"entry-summary\">\n                                                    <p>&nbsp; En el marco de nuestra Conferencia Internacional &#8220;Evaluaci\u00f3n sin Barreras&#8221; EvalPartners, IOCE y el Programa Mundial de Alimentos,...<\/p>                                            <\/div><!-- .entry-summary -->\n\n                <\/div><!--end post-info-->\n            \n            <div class=\"post-footer\">\n                <small>\n                    <a href=\"#\" class=\"item-likes\" id=\"item-likes-14899\" title=\"Dale like\"><span class=\"item-likes-count\">0<\/span> <span class=\"item-likes-postfix\">Me gusta<\/span><\/a>\n                                            <a href=\"https:\/\/www.relac.net\/v1\/oportunidad-laboral-tdr\/\"><span class=\"muted pull-right\">\n\t\t\t\t\t\tLeer m\u00e1s<\/span>\n                        <\/a>\n                                    <\/small>\n            <\/div><!--end post-footer-->\n        <\/div>\n\n\n    <\/div><!--end post-content-->\n<\/article>\n\n\n\t<\/div> <!-- END post listing -->\n\n\t\n[vc_btn title=&#8221;Ver todos los trabajos&#8221; color=&#8221;green&#8221; align=&#8221;center&#8221; link=&#8221;url:https%3A%2F%2Fwww.relac.net%2Ftrabajos%2F|title:Trabajos||&#8221;][\/vc_column_inner][\/vc_row_inner]\n\t\t\t<\/div> \n\t\t\t<div id=\"tab-1392999091-2-66\" class=\"tab-pane\">\n\t\t\t\t[vc_row_inner][vc_column_inner]\n\t<div class=\"sq-posts-data\" style=\"display: none;\"><input type=\"hidden\" id=\"post-security\" name=\"post-security\" value=\"76d801c6b3\" \/><input type=\"hidden\" name=\"_wp_http_referer\" value=\"\/v1\/wp-json\/wp\/v2\/pages\/816\" \/><input type=\"hidden\" name=\"pitem\" value=\"0\"><input type=\"hidden\" name=\"post_id\" value=\"14899\"><\/div>\n\t\n\t\n\t\t<div class=\"posts-listing  no-meta no-footer small-listing\">\n\n\t\n\t\n<article id=\"post-13600\" class=\"post-item post-13600 post type-post status-publish format-standard has-post-thumbnail hentry category-capacitaciones\">\n    <div class=\"row post-content animated animate-when-almost-visible el-appear\">\n\n        <div class=\"col-sm-3\">\n        <div class=\"post-image\"><a href=\"https:\/\/www.relac.net\/v1\/becas-ciclo-de-talleres-ejes-en-evaluacion-para-jovenes-y-o-emergentes-de-latinoamerica-del-3-al-7-de-junio-2019-en-la-ciudad-de-mexico\/\" class=\"element-wrap\"><img decoding=\"async\" src=\"https:\/\/www.relac.net\/v1\/wp-content\/uploads\/2019\/10\/ok-1-480x142.png\" alt=\"Becas: Ciclo de Talleres EJES en evaluaci\u00f3n para J\u00f3venes y\/o emergentes de latinoam\u00e9rica, del 3 al 7 de junio, 2019, en la ciudad de M\u00e9xico\"><span class=\"hover-element\"><i>+<\/i><\/span><\/a><\/div><!--end post-image-->        <\/div>\n        <div class=\"col-sm-9\">\n\n                        <div class=\"post-header\">\n\n                <h3 class=\"post-title entry-title\"><a href=\"https:\/\/www.relac.net\/v1\/becas-ciclo-de-talleres-ejes-en-evaluacion-para-jovenes-y-o-emergentes-de-latinoamerica-del-3-al-7-de-junio-2019-en-la-ciudad-de-mexico\/\">Becas: Ciclo de Talleres EJES en evaluaci\u00f3n para J\u00f3venes y\/o emergentes de latinoam\u00e9rica, del 3 al 7 de junio, 2019, en la ciudad de M\u00e9xico<\/a><\/h3>\n\n                <span class=\"post-meta\">\n                    <small class=\"meta-author author vcard\"><a class=\"url fn n\" href=\"https:\/\/www.relac.net\/v1\/miembros\/super-administrador\/\" title=\"Ver el perfil de Super Administrador\" rel=\"author\"> <span class=\"author-name\">Super Administrador<\/span><\/a><\/small>, <small><a href=\"https:\/\/www.relac.net\/v1\/becas-ciclo-de-talleres-ejes-en-evaluacion-para-jovenes-y-o-emergentes-de-latinoamerica-del-3-al-7-de-junio-2019-en-la-ciudad-de-mexico\/\" rel=\"bookmark\" class=\"post-time\"><time class=\"entry-date\" datetime=\"2019-10-24T14:36:00-04:00\">24 octubre, 2019<\/time><time class=\"modify-date hide hidden updated\" datetime=\"2019-11-05T18:29:03-04:00\">5 noviembre, 2019<\/time><\/a><\/small>, <small class=\"meta-category\"><a href=\"https:\/\/www.relac.net\/v1\/category\/capacitaciones\/\" rel=\"category tag\">Capacitaciones<\/a><\/small>, <small class=\"meta-comment-count\"><a href=\"https:\/\/www.relac.net\/v1\/becas-ciclo-de-talleres-ejes-en-evaluacion-para-jovenes-y-o-emergentes-de-latinoamerica-del-3-al-7-de-junio-2019-en-la-ciudad-de-mexico\/#comments\">0 <i class=\"icon-chat-1 hover-tip\" data-original-title=\"Esta publicaci\u00f3n tiene 0 comentarios\" data-toggle=\"tooltip\" data-placement=\"top\"><\/i><\/a><\/small>                <\/span>\n\n            <\/div><!--end post-header-->\n            \n            \n            <div class=\"post-footer\">\n                <small>\n                    <a href=\"#\" class=\"item-likes\" id=\"item-likes-13600\" title=\"Dale like\"><span class=\"item-likes-count\">0<\/span> <span class=\"item-likes-postfix\">Me gusta<\/span><\/a>\n                                            <a href=\"https:\/\/www.relac.net\/v1\/becas-ciclo-de-talleres-ejes-en-evaluacion-para-jovenes-y-o-emergentes-de-latinoamerica-del-3-al-7-de-junio-2019-en-la-ciudad-de-mexico\/\"><span class=\"muted pull-right\">\n\t\t\t\t\t\tLeer m\u00e1s<\/span>\n                        <\/a>\n                                    <\/small>\n            <\/div><!--end post-footer-->\n        <\/div>\n\n\n    <\/div><!--end post-content-->\n<\/article>\n\n\n<article id=\"post-13598\" class=\"post-item post-13598 post type-post status-publish format-standard has-post-thumbnail hentry category-capacitaciones\">\n    <div class=\"row post-content animated animate-when-almost-visible el-appear\">\n\n        <div class=\"col-sm-3\">\n        <div class=\"post-image\"><a href=\"https:\/\/www.relac.net\/v1\/strengthening-national-me-capacities-national-evaluation-societies-as-a-driving-force\/\" class=\"element-wrap\"><img decoding=\"async\" src=\"https:\/\/www.relac.net\/v1\/wp-content\/uploads\/2019\/10\/ok-1-480x142.png\" alt=\"Strengthening National M&#038;E Capacities: national evaluation societies as a driving force\"><span class=\"hover-element\"><i>+<\/i><\/span><\/a><\/div><!--end post-image-->        <\/div>\n        <div class=\"col-sm-9\">\n\n                        <div class=\"post-header\">\n\n                <h3 class=\"post-title entry-title\"><a href=\"https:\/\/www.relac.net\/v1\/strengthening-national-me-capacities-national-evaluation-societies-as-a-driving-force\/\">Strengthening National M&#038;E Capacities: national evaluation societies as a driving force<\/a><\/h3>\n\n                <span class=\"post-meta\">\n                    <small class=\"meta-author author vcard\"><a class=\"url fn n\" href=\"https:\/\/www.relac.net\/v1\/miembros\/super-administrador\/\" title=\"Ver el perfil de Super Administrador\" rel=\"author\"> <span class=\"author-name\">Super Administrador<\/span><\/a><\/small>, <small><a href=\"https:\/\/www.relac.net\/v1\/strengthening-national-me-capacities-national-evaluation-societies-as-a-driving-force\/\" rel=\"bookmark\" class=\"post-time\"><time class=\"entry-date\" datetime=\"2019-10-24T14:33:55-04:00\">24 octubre, 2019<\/time><time class=\"modify-date hide hidden updated\" datetime=\"2019-11-05T18:29:37-04:00\">5 noviembre, 2019<\/time><\/a><\/small>, <small class=\"meta-category\"><a href=\"https:\/\/www.relac.net\/v1\/category\/capacitaciones\/\" rel=\"category tag\">Capacitaciones<\/a><\/small>, <small class=\"meta-comment-count\"><a href=\"https:\/\/www.relac.net\/v1\/strengthening-national-me-capacities-national-evaluation-societies-as-a-driving-force\/#comments\">0 <i class=\"icon-chat-1 hover-tip\" data-original-title=\"Esta publicaci\u00f3n tiene 0 comentarios\" data-toggle=\"tooltip\" data-placement=\"top\"><\/i><\/a><\/small>                <\/span>\n\n            <\/div><!--end post-header-->\n            \n                            <div class=\"post-info\">\n\n                    <div class=\"entry-summary\">\n                                                    <p>La Universidad de Antwerp organiza un curso de dos semanas orientado a integrantes de las redes nacionales de evaluaci\u00f3n...<\/p>                                            <\/div><!-- .entry-summary -->\n\n                <\/div><!--end post-info-->\n            \n            <div class=\"post-footer\">\n                <small>\n                    <a href=\"#\" class=\"item-likes\" id=\"item-likes-13598\" title=\"Dale like\"><span class=\"item-likes-count\">0<\/span> <span class=\"item-likes-postfix\">Me gusta<\/span><\/a>\n                                            <a href=\"https:\/\/www.relac.net\/v1\/strengthening-national-me-capacities-national-evaluation-societies-as-a-driving-force\/\"><span class=\"muted pull-right\">\n\t\t\t\t\t\tLeer m\u00e1s<\/span>\n                        <\/a>\n                                    <\/small>\n            <\/div><!--end post-footer-->\n        <\/div>\n\n\n    <\/div><!--end post-content-->\n<\/article>\n\n\n<article id=\"post-13596\" class=\"post-item post-13596 post type-post status-publish format-standard has-post-thumbnail hentry category-capacitaciones\">\n    <div class=\"row post-content animated animate-when-almost-visible el-appear\">\n\n        <div class=\"col-sm-3\">\n        <div class=\"post-image\"><a href=\"https:\/\/www.relac.net\/v1\/evaluacion-de-politicas-y-programas-publicos\/\" class=\"element-wrap\"><img decoding=\"async\" src=\"https:\/\/www.relac.net\/v1\/wp-content\/uploads\/2019\/10\/ok-1-480x142.png\" alt=\"Evaluaci\u00f3n de pol\u00edticas y programas p\u00fablicos\"><span class=\"hover-element\"><i>+<\/i><\/span><\/a><\/div><!--end post-image-->        <\/div>\n        <div class=\"col-sm-9\">\n\n                        <div class=\"post-header\">\n\n                <h3 class=\"post-title entry-title\"><a href=\"https:\/\/www.relac.net\/v1\/evaluacion-de-politicas-y-programas-publicos\/\">Evaluaci\u00f3n de pol\u00edticas y programas p\u00fablicos<\/a><\/h3>\n\n                <span class=\"post-meta\">\n                    <small class=\"meta-author author vcard\"><a class=\"url fn n\" href=\"https:\/\/www.relac.net\/v1\/miembros\/super-administrador\/\" title=\"Ver el perfil de Super Administrador\" rel=\"author\"> <span class=\"author-name\">Super Administrador<\/span><\/a><\/small>, <small><a href=\"https:\/\/www.relac.net\/v1\/evaluacion-de-politicas-y-programas-publicos\/\" rel=\"bookmark\" class=\"post-time\"><time class=\"entry-date\" datetime=\"2019-10-24T14:32:55-04:00\">24 octubre, 2019<\/time><time class=\"modify-date hide hidden updated\" datetime=\"2019-11-05T18:30:11-04:00\">5 noviembre, 2019<\/time><\/a><\/small>, <small class=\"meta-category\"><a href=\"https:\/\/www.relac.net\/v1\/category\/capacitaciones\/\" rel=\"category tag\">Capacitaciones<\/a><\/small>, <small class=\"meta-comment-count\"><a href=\"https:\/\/www.relac.net\/v1\/evaluacion-de-politicas-y-programas-publicos\/#comments\">0 <i class=\"icon-chat-1 hover-tip\" data-original-title=\"Esta publicaci\u00f3n tiene 0 comentarios\" data-toggle=\"tooltip\" data-placement=\"top\"><\/i><\/a><\/small>                <\/span>\n\n            <\/div><!--end post-header-->\n            \n                            <div class=\"post-info\">\n\n                    <div class=\"entry-summary\">\n                                                    <p>El Curso es organizado por el Instituto Latinoamericano y del Caribe de Planificaci\u00f3n Econ\u00f3mica y Social (ILPES) perteneciente a...<\/p>                                            <\/div><!-- .entry-summary -->\n\n                <\/div><!--end post-info-->\n            \n            <div class=\"post-footer\">\n                <small>\n                    <a href=\"#\" class=\"item-likes\" id=\"item-likes-13596\" title=\"Dale like\"><span class=\"item-likes-count\">0<\/span> <span class=\"item-likes-postfix\">Me gusta<\/span><\/a>\n                                            <a href=\"https:\/\/www.relac.net\/v1\/evaluacion-de-politicas-y-programas-publicos\/\"><span class=\"muted pull-right\">\n\t\t\t\t\t\tLeer m\u00e1s<\/span>\n                        <\/a>\n                                    <\/small>\n            <\/div><!--end post-footer-->\n        <\/div>\n\n\n    <\/div><!--end post-content-->\n<\/article>\n\n\n\t<\/div> <!-- END post listing -->\n\n\t\n[vc_btn title=&#8221;Ver todas las capacitaciones&#8221; color=&#8221;green&#8221; align=&#8221;center&#8221; link=&#8221;url:https%3A%2F%2Fwww.relac.net%2Fcapacitaciones%2F|title:Capacitaciones||&#8221;][\/vc_column_inner][\/vc_row_inner]\n\t\t\t<\/div> <\/div>\n\t<\/div> [\/vc_column][\/vc_row][vc_row text_align=&#8221;center&#8221;][vc_column]\n\t<div  class=\"hr-title hr-full hr-center\" style=\"font-size:14px; margin-bottom:20px;\"><abbr><i class=\"fa fa-users\"><\/i> La ReLAC es una red integrada por 15 instituciones asociadas de evaluaci\u00f3n de Latinoam\u00e9rica y El Caribe<\/abbr><\/div>[na_posts_carousel style=&#8221;mega-post-carousel3&#8243; excerpt=&#8221;0&#8243; comment=&#8221;none&#8221; catg=&#8221;none&#8221; arrow=&#8221;false&#8221; dot=&#8221;false&#8221; slide_visible=&#8221;4&#8243; txtclr=&#8221;#000000&#8243; dateclr=&#8221;#000000&#8243; descclr=&#8221;#888888&#8243; settings=&#8221;order_by:title|order:ASC|post_type:kleo_clients&#8221;][\/vc_column][\/vc_row][vc_row text_align=&#8221;center&#8221; text_color=&#8221;#ffffff&#8221; type=&#8221;image&#8221; bg_cover=&#8221;false&#8221; enable_parallax=&#8221;false&#8221; bg_image=&#8221;13664&#8243;][vc_column][vc_column_text]<\/p>\n<h3>ACTIVIDADES DE LA ReLAC<\/h3>\n<p>[\/vc_column_text]<div class=\"row multi-columns-row three-column-items\"><div class=\"one-by-one-animated animate-when-almost-visible\"><div class=\"feature-items col-xs-12 col-sm-6 col-md-4\"><div class=\"kleo-block feature-item list-el-animated default-icons-size center-icons\"><span class=\"feature-icon el-appear icon-doc-text-inv\"><\/span><h3 class=\"feature-title\">Publicaciones<\/h3><div class=\"feature-text\">Publicamos noticias, eventos, oportunidades y art\u00edculos de inter\u00e9s para su conocimiento y difusi\u00f3n.<\/div><\/div><\/div><div class=\"feature-items col-xs-12 col-sm-6 col-md-4\"><div class=\"kleo-block feature-item list-el-animated default-icons-size center-icons\"><span class=\"feature-icon el-appear icon-chat\"><\/span><h3 class=\"feature-title\">Conferencias<\/h3><div class=\"feature-text\">Debatimos diversos temas y compartimos los resultados en nuestra biblioteca.<\/div><\/div><\/div><div class=\"feature-items col-xs-12 col-sm-6 col-md-4\"><div class=\"kleo-block feature-item list-el-animated default-icons-size center-icons\"><span class=\"feature-icon el-appear icon-graduation-cap\"><\/span><h3 class=\"feature-title\">Cursos<\/h3><div class=\"feature-text\">Realizamos cursos virtuales y webinarios para compartir nuestros avances.<\/div><\/div><\/div><\/div><\/div>[\/vc_column][\/vc_row]<\/p>\n","protected":false},"excerpt":{"rendered":"<p>[vc_row inner_container=&#8221;no&#8221; padding_top=&#8221;0&#8243; padding_bottom=&#8221;0&#8243;][vc_column][rev_slider_vc alias=&#8221;HomeFullwidth&#8221;][\/vc_column][\/vc_row][vc_row text_align=&#8221;center&#8221; padding_top=&#8221;10&#8243; padding_bottom=&#8221;0&#8243; margin_top=&#8221;50&#8243;][vc_column][vc_column_text animation=&#8221;animate-when-visible&#8221; css_animation=&#8221;bottom-to-top&#8221;] Les damos la m\u00e1s cordial bienvenida al sitio de la ReLAC, una comunidad que se basa en la confianza, la apertura democr\u00e1tica y la equidad [\/vc_column_text][\/vc_column][\/vc_row][vc_row text_align=&#8221;center&#8221; section_type=&#8221;alternate&#8221; padding_top=&#8221;100&#8243; padding_bottom=&#8221;0&#8243; border=&#8221;bottom&#8221; el_class=&#8221;ov-hidden&#8221;][vc_column][vc_row_inner][vc_column_inner][vc_basic_grid post_type=&#8221;post&#8221; max_items=&#8221;3&#8243; grid_id=&#8221;vc_gid:1614978092777-17a4599b-b019-5&#8243; taxonomies=&#8221;21, 42&#8243; el_class=&#8221;bot_n1&#8243;][\/vc_column_inner][\/vc_row_inner][\/vc_column][\/vc_row][vc_row text_align=&#8221;center&#8221; border=&#8221;bottom&#8221;][vc_column][vc_row_inner][vc_column_inner width=&#8221;1\/4&#8243;][\/vc_column_inner][vc_column_inner width=&#8221;1\/6&#8243;][vc_column_text] . MIEMBROS [\/vc_column_text][\/vc_column_inner][vc_column_inner width=&#8221;1\/6&#8243;][vc_column_text] PAISES [\/vc_column_text][\/vc_column_inner][vc_column_inner width=&#8221;1\/6&#8243;][vc_column_text] [&hellip;]<\/p>\n","protected":false},"author":1,"featured_media":0,"parent":0,"menu_order":0,"comment_status":"open","ping_status":"closed","template":"page-templates\/full-width.php","meta":{"_bbp_topic_count":0,"_bbp_reply_count":0,"_bbp_total_topic_count":0,"_bbp_total_reply_count":0,"_bbp_voice_count":0,"_bbp_anonymous_reply_count":0,"_bbp_topic_count_hidden":0,"_bbp_reply_count_hidden":0,"_bbp_forum_subforum_count":0,"_monsterinsights_skip_tracking":false,"_monsterinsights_sitenote_active":false,"_monsterinsights_sitenote_note":"","_monsterinsights_sitenote_category":0,"cybocfi_hide_featured_image":"","footnotes":""},"class_list":["post-816","page","type-page","status-publish","hentry"],"_links":{"self":[{"href":"https:\/\/www.relac.net\/v1\/wp-json\/wp\/v2\/pages\/816","targetHints":{"allow":["GET"]}}],"collection":[{"href":"https:\/\/www.relac.net\/v1\/wp-json\/wp\/v2\/pages"}],"about":[{"href":"https:\/\/www.relac.net\/v1\/wp-json\/wp\/v2\/types\/page"}],"author":[{"embeddable":true,"href":"https:\/\/www.relac.net\/v1\/wp-json\/wp\/v2\/users\/1"}],"replies":[{"embeddable":true,"href":"https:\/\/www.relac.net\/v1\/wp-json\/wp\/v2\/comments?post=816"}],"version-history":[{"count":74,"href":"https:\/\/www.relac.net\/v1\/wp-json\/wp\/v2\/pages\/816\/revisions"}],"predecessor-version":[{"id":14554,"href":"https:\/\/www.relac.net\/v1\/wp-json\/wp\/v2\/pages\/816\/revisions\/14554"}],"wp:attachment":[{"href":"https:\/\/www.relac.net\/v1\/wp-json\/wp\/v2\/media?parent=816"}],"curies":[{"name":"wp","href":"https:\/\/api.w.org\/{rel}","templated":true}]}}