{"id":14653,"date":"2021-08-30T10:17:20","date_gmt":"2021-08-30T14:17:20","guid":{"rendered":"https:\/\/www.relac.net\/?page_id=14653"},"modified":"2024-11-06T15:23:32","modified_gmt":"2024-11-06T19:23:32","slug":"estandares-de-evaluacion-2021","status":"publish","type":"page","link":"https:\/\/www.relac.net\/v1\/estandares-de-evaluacion-2021\/","title":{"rendered":"Est\u00e1ndares de Evaluaci\u00f3n 2021"},"content":{"rendered":"<p><img loading=\"lazy\" decoding=\"async\" class=\"alignnone wp-image-14674 size-full\" src=\"https:\/\/www.relac.net\/wp-content\/uploads\/2021\/09\/2021-ESTANDARES-ESPA-V4-ok-01-2.png\" alt=\"\" width=\"2481\" height=\"1342\" srcset=\"https:\/\/www.relac.net\/v1\/wp-content\/uploads\/2021\/09\/2021-ESTANDARES-ESPA-V4-ok-01-2.png 2481w, https:\/\/www.relac.net\/v1\/wp-content\/uploads\/2021\/09\/2021-ESTANDARES-ESPA-V4-ok-01-2-300x162.png 300w, https:\/\/www.relac.net\/v1\/wp-content\/uploads\/2021\/09\/2021-ESTANDARES-ESPA-V4-ok-01-2-1024x554.png 1024w, https:\/\/www.relac.net\/v1\/wp-content\/uploads\/2021\/09\/2021-ESTANDARES-ESPA-V4-ok-01-2-768x415.png 768w, https:\/\/www.relac.net\/v1\/wp-content\/uploads\/2021\/09\/2021-ESTANDARES-ESPA-V4-ok-01-2-100x54.png 100w, https:\/\/www.relac.net\/v1\/wp-content\/uploads\/2021\/09\/2021-ESTANDARES-ESPA-V4-ok-01-2-1536x831.png 1536w, https:\/\/www.relac.net\/v1\/wp-content\/uploads\/2021\/09\/2021-ESTANDARES-ESPA-V4-ok-01-2-2048x1108.png 2048w, https:\/\/www.relac.net\/v1\/wp-content\/uploads\/2021\/09\/2021-ESTANDARES-ESPA-V4-ok-01-2-672x363.png 672w, https:\/\/www.relac.net\/v1\/wp-content\/uploads\/2021\/09\/2021-ESTANDARES-ESPA-V4-ok-01-2-1038x561.png 1038w, https:\/\/www.relac.net\/v1\/wp-content\/uploads\/2021\/09\/2021-ESTANDARES-ESPA-V4-ok-01-2-480x259.png 480w\" sizes=\"auto, (max-width: 2481px) 100vw, 2481px\" \/><\/p>\n<p>La primera versi\u00f3n de los Est\u00e1ndares de Evaluaci\u00f3n para Am\u00e9rica Latina y el Caribe fue elaborada por el grupo de trabajo de Est\u00e1ndares de Evaluaci\u00f3n de la Red de Seguimiento, Evaluaci\u00f3n y Sistematizaci\u00f3n de Latinoam\u00e9rica y el Caribe (ReLAC) y publicada en forma impresa y digital en 2016.<br \/>\nAnte la vertiginosidad con que est\u00e1n ocurriendo cambios en nuestras sociedades \u2013y la evoluci\u00f3n de los estudios y pr\u00e1cticas de la evaluaci\u00f3n en este sentido\u2013, resulta propicio realizar una mirada retrospectiva, revisando la funcionalidad de nuestros est\u00e1ndares, para adaptarnos a las nuevas necesidades y contextos.<\/p>\n<p>El documento de Est\u00e1ndares de Evaluaci\u00f3n para Am\u00e9rica Latina y el Caribe, en su actual edici\u00f3n revisada y consensuada \u2013al igual que la primera\u2013, ofrece un conjunto de orientaciones para la obtenci\u00f3n de evaluaciones de alta calidad que aporten a la toma de decisiones en las acciones de intervenci\u00f3n para el desarrollo.<br \/>\nEstas orientaciones son referencias b\u00e1sicas para todo el proceso evaluativo desde el dise\u00f1o, el desarrollo y reporte, en contexto. Procuran as\u00ed contribuir a la mejora de la calidad de vida y al est\u00edmulo de din\u00e1micas virtuosas de desarrollo, sirviendo tanto a la rendici\u00f3n de cuentas como al aprendizaje.<\/p>\n<p>Los est\u00e1ndares que se proponen \u2013cual orientaciones para la acci\u00f3n en los procesos evaluativos\u2013 pretenden ser un instrumento para abordar los actuales desaf\u00edos que se presentan en nuestra regi\u00f3n.<\/p>\n<p>Les invitamos a descargar el documento completo y los videos introductorios aqu\u00ed debajo.<\/p>\n<p><strong>DIRETRIZES DE AVALIA\u00c7\u00c3O 2021<\/strong><\/p>\n<p><a href=\"https:\/\/www.relac.net\/v1\/wp-content\/uploads\/2021\/08\/2021-ESTANDARES-PORT-V4.pdf\">https:\/\/www.relac.net\/v1\/wp-content\/uploads\/2021\/08\/2021-ESTANDARES-PORT-V4.pdf<\/a><\/p>\n<p>Youtube:\u00a0<a href=\"https:\/\/youtu.be\/9W721P_BBJo\">https:\/\/youtu.be\/9W721P_BBJo<\/a><\/p>\n<p><strong>ESTANDARES DE EVALUACI\u00d3N 2021<\/strong><\/p>\n<p><a href=\"https:\/\/www.relac.net\/v1\/wp-content\/uploads\/2021\/08\/2021-ESTANDARES-ESPA-V4.pdf\">https:\/\/www.relac.net\/v1\/wp-content\/uploads\/2021\/08\/2021-ESTANDARES-ESPA-V4.pdf<\/a><\/p>\n<p>Youtube:\u00a0<a href=\"https:\/\/youtu.be\/72yYCO80slk\">https:\/\/youtu.be\/72yYCO80slk<\/a><\/p>\n<p><strong>EVALUATION STANDARDS 2021<\/strong><\/p>\n<p><a href=\"https:\/\/www.relac.net\/v1\/wp-content\/uploads\/2021\/08\/2021-ESTANDARES-ENGL-V4.pdf\">https:\/\/www.relac.net\/v1\/wp-content\/uploads\/2021\/08\/2021-ESTANDARES-ENGL-V4.pdf<\/a><\/p>\n<p>Youtube:\u00a0<a href=\"https:\/\/youtu.be\/YZo3wHg1iFk\">https:\/\/youtu.be\/YZo3wHg1iFk<\/a><\/p>\n<p>&nbsp;<\/p>\n<p>&nbsp;<\/p>\n<p>&nbsp;<\/p>\n<p>&nbsp;<\/p>\n","protected":false},"excerpt":{"rendered":"<p>La primera versi\u00f3n de los Est\u00e1ndares de Evaluaci\u00f3n para Am\u00e9rica Latina y el Caribe fue elaborada por el grupo de trabajo de Est\u00e1ndares de Evaluaci\u00f3n de la Red de Seguimiento, Evaluaci\u00f3n y Sistematizaci\u00f3n de Latinoam\u00e9rica y el Caribe (ReLAC) y publicada en forma impresa y digital en 2016. Ante la vertiginosidad con que est\u00e1n ocurriendo cambios en nuestras sociedades \u2013y [&hellip;]<\/p>\n","protected":false},"author":35,"featured_media":14674,"parent":0,"menu_order":0,"comment_status":"closed","ping_status":"closed","template":"","meta":{"_bbp_topic_count":0,"_bbp_reply_count":0,"_bbp_total_topic_count":0,"_bbp_total_reply_count":0,"_bbp_voice_count":0,"_bbp_anonymous_reply_count":0,"_bbp_topic_count_hidden":0,"_bbp_reply_count_hidden":0,"_bbp_forum_subforum_count":0,"_monsterinsights_skip_tracking":false,"_monsterinsights_sitenote_active":false,"_monsterinsights_sitenote_note":"","_monsterinsights_sitenote_category":0,"cybocfi_hide_featured_image":"","footnotes":""},"class_list":["post-14653","page","type-page","status-publish","has-post-thumbnail","hentry"],"_links":{"self":[{"href":"https:\/\/www.relac.net\/v1\/wp-json\/wp\/v2\/pages\/14653","targetHints":{"allow":["GET"]}}],"collection":[{"href":"https:\/\/www.relac.net\/v1\/wp-json\/wp\/v2\/pages"}],"about":[{"href":"https:\/\/www.relac.net\/v1\/wp-json\/wp\/v2\/types\/page"}],"author":[{"embeddable":true,"href":"https:\/\/www.relac.net\/v1\/wp-json\/wp\/v2\/users\/35"}],"replies":[{"embeddable":true,"href":"https:\/\/www.relac.net\/v1\/wp-json\/wp\/v2\/comments?post=14653"}],"version-history":[{"count":7,"href":"https:\/\/www.relac.net\/v1\/wp-json\/wp\/v2\/pages\/14653\/revisions"}],"predecessor-version":[{"id":15013,"href":"https:\/\/www.relac.net\/v1\/wp-json\/wp\/v2\/pages\/14653\/revisions\/15013"}],"wp:featuredmedia":[{"embeddable":true,"href":"https:\/\/www.relac.net\/v1\/wp-json\/wp\/v2\/media\/14674"}],"wp:attachment":[{"href":"https:\/\/www.relac.net\/v1\/wp-json\/wp\/v2\/media?parent=14653"}],"curies":[{"name":"wp","href":"https:\/\/api.w.org\/{rel}","templated":true}]}}